{"id":237,"date":"2026-04-04T00:01:00","date_gmt":"2026-04-04T00:01:00","guid":{"rendered":"https:\/\/oliveiradosbrejinhos.com.br\/carlosdourado\/?page_id=237"},"modified":"2026-04-12T14:16:38","modified_gmt":"2026-04-12T14:16:38","slug":"desvarios","status":"publish","type":"page","link":"https:\/\/oliveiradosbrejinhos.com.br\/carlosdourado\/desvarios\/","title":{"rendered":"Desvarios"},"content":{"rendered":"<p><a href=\"https:\/\/oliveiradosbrejinhos.com.br\/carlosdourado\/wp-content\/uploads\/2026\/03\/200326-travessuras-banner2.png\"><img loading=\"lazy\" decoding=\"async\" class=\"alignnone wp-image-238 size-large\" src=\"https:\/\/oliveiradosbrejinhos.com.br\/carlosdourado\/wp-content\/uploads\/2026\/03\/200326-travessuras-banner2-1024x338.png\" alt=\"\" width=\"840\" height=\"277\" srcset=\"https:\/\/oliveiradosbrejinhos.com.br\/carlosdourado\/wp-content\/uploads\/2026\/03\/200326-travessuras-banner2-1024x338.png 1024w, https:\/\/oliveiradosbrejinhos.com.br\/carlosdourado\/wp-content\/uploads\/2026\/03\/200326-travessuras-banner2-300x99.png 300w, https:\/\/oliveiradosbrejinhos.com.br\/carlosdourado\/wp-content\/uploads\/2026\/03\/200326-travessuras-banner2-768x254.png 768w, https:\/\/oliveiradosbrejinhos.com.br\/carlosdourado\/wp-content\/uploads\/2026\/03\/200326-travessuras-banner2-1536x507.png 1536w, https:\/\/oliveiradosbrejinhos.com.br\/carlosdourado\/wp-content\/uploads\/2026\/03\/200326-travessuras-banner2-170x56.png 170w, https:\/\/oliveiradosbrejinhos.com.br\/carlosdourado\/wp-content\/uploads\/2026\/03\/200326-travessuras-banner2-370x122.png 370w, https:\/\/oliveiradosbrejinhos.com.br\/carlosdourado\/wp-content\/uploads\/2026\/03\/200326-travessuras-banner2-780x258.png 780w, https:\/\/oliveiradosbrejinhos.com.br\/carlosdourado\/wp-content\/uploads\/2026\/03\/200326-travessuras-banner2.png 1792w\" sizes=\"auto, (max-width: 840px) 100vw, 840px\" \/><\/a><\/p>\n<h2><span style=\"font-family: arial, helvetica, sans-serif;\">LIBERDADE X DEPRESS\u00c3O: <span style=\"color: #800080;\">EXTREMOS?<\/span><\/span><\/h2>\n<p><span style=\"font-size: 14pt; font-family: arial, helvetica, sans-serif;\">Creio que todos n\u00f3s j\u00e1 nos sentimos incomodados com algo que vimos, ouvimos, pensamos ou vivemos, especialmente nos momentos em que o cerco se fecha. Pe\u00e7o que leia o que vou relatar aqui com certo cuidado, pois, ao mesmo tempo que pode ser libertador, tamb\u00e9m pode lhe enveredar pelo obscuro mundo da depress\u00e3o, ou simplesmente n\u00e3o provocar qualquer efeito f\u00edsico ou mental.<\/span><\/p>\n<p><span style=\"font-size: 14pt; font-family: arial, helvetica, sans-serif;\">A mim, me incomodou bastante. Volta e meia, ouve-se express\u00f5es como: <em>Minha vida<\/em>, <em>Agora vou viver minha vida<\/em>, <em>Essa vida \u00e9 uma b\u00ean\u00e7\u00e3<\/em>o, <em>\u00e9 s\u00f3 sucesso, \u00e9 um caos<\/em>, <em>\u00e9 uma luta<\/em>, <em>\u00e9 justa, \u00e9 injusta,<\/em> e por a\u00ed vai. Pois \u00e9, amigo e amiga! Pasme: Mesmo que voc\u00ea se ache dono de sua vida, que est\u00e1 lutando por dias melhores, que vai vencer (n)a vida, saiba! <span style=\"color: #a61b1b;\"><strong>A VIDA SEMPRE GANHA!<\/strong><\/span><\/span><\/p>\n<p><span style=\"font-size: 14pt; font-family: arial, helvetica, sans-serif;\">Sua sa\u00fade, seu estilo, seu dinheiro, suas conquistas, seu sucesso, s\u00e3o coisas que todo ser humano normal almeja, mas saiba: <strong><span style=\"color: #0b5404;\">A VIDA SEMPRE GANHA!<\/span> <\/strong>Mesmo o ser humano mais h\u00e1bil, mais bruto ou mais sens\u00edvel, mais forte ou fraco, virtuoso ou degenerado, para esses e outros, a vida vale a pena?<\/span><\/p>\n<p><span style=\"font-size: 14pt; font-family: arial, helvetica, sans-serif;\">No passo de uma tartaruga ou na velocidade de um supers\u00f4nico, se no ch\u00e3o, na \u00e1gua ou no ar, se numa choupana ou num pal\u00e1cio, se tomando whisky importado ou \u00e1gua barrenta, se numa banheira de ouro ou numa cacimba, se numa canoa ou num iate de luxo, quando a <strong>VIDA<\/strong> resolver lhe pegar de volta, <strong>ELA<\/strong> vai fazer isso; se <strong>ELA<\/strong> quiser lhe mudar de lugar, lhe virar de ponta cabe\u00e7a, lhe levar embora, ela far\u00e1 isso quando bem entender.<\/span><\/p>\n<p><span style=\"color: #000080;\"><strong><em><span style=\"font-family: arial, helvetica, sans-serif;\"><span style=\"font-size: 14pt;\">As coisas n\u00e3o fogem do seu controle: elas nunca estiveram sob seu controle! <\/span><\/span><\/em><\/strong><\/span><\/p>\n<p><span style=\"font-family: arial, helvetica, sans-serif;\"><span style=\"font-size: 14pt;\">Quem j\u00e1 observou uma fogueira, deve ter percebido que alguns tipos de lenha costumam estalar enquanto queimam, soltando fa\u00edscas ao redor. Se observar melhor ainda, ver\u00e1 que h\u00e1 todos os tipos e tamanhos de fa\u00edscas, algumas que alcan\u00e7am o ch\u00e3o, outras que se apagam no trajeto e ainda outras que at\u00e9 incendeiam o que est\u00e1 pr\u00f3ximo, provocando um escarc\u00e9u. E a vida? A isso comparo a vida que nos \u00e9 emprestada, pode ser forte, pequena, fraca, provocar alvoro\u00e7o, mas <strong>SEMPRE SE APAGA<\/strong>, ou melhor, sempre volta ao princ\u00edpio e se junta \u00e0\u00a0 <strong>VIDA SUPREMA<\/strong>. <em>&#8220;\u00c9s vida e \u00e0 <span style=\"color: #800080;\">VIDA<\/span> voltar\u00e1s!&#8221;<\/em><\/span>\u00a0<\/span><\/p>\n<p><span style=\"font-size: 14pt; font-family: arial, helvetica, sans-serif;\">Por que viver, ent\u00e3o? A vida n\u00e3o \u00e9 sua, voc\u00ea n\u00e3o vive sua vida. Ela vive de voc\u00ea. Nada mais somos do que alimentos para a <strong>VIDA,<\/strong> \u00e9 o que somos. No momento em que ela bem entender, ela lhe contraria, lhe traz ou lhe leva, lhe alivia e ou lhe a\u00e7oita, lhe presenteia ou lhe rouba, sim, a <strong>VIDA.<\/strong> E vale a pena?<\/span><\/p>\n<p><span style=\"font-size: 14pt; font-family: arial, helvetica, sans-serif;\">Observe! O que nos resta como humanos, pois se aqui estamos h\u00e1 uma raz\u00e3o de ser, \u00e9 escolhermos que tipo de alimento seremos para a vida, se aquele insosso, cheio de espinhas ou escamas, salgado, apimentado, mal-cozido ou gostoso, suave, apetitoso, repugnante, <em>deglut\u00e1vel! <\/em>Eis o que nos resta: se alimentamos a vida de maneira que ela nos saboreie ou fa\u00e7a cara feia, se nos engole ou nos devolve ao prato, se nos tempera ou nos rejeita ao lixo, sim! \u00c9 o que nos compete, pois, apenas somos uma quase invis\u00edvel gota de vida emprestada at\u00e9 o momento em que a <span style=\"color: #f02eb2;\"><strong>VIDA SUPREMA*<\/strong><\/span> permita.<\/span><\/p>\n<p><span style=\"font-size: 14pt; font-family: arial, helvetica, sans-serif;\">Pense: voc\u00ea n\u00e3o controla nada, n\u00e3o sabe de nada, milhares, milh\u00f5es de coisas est\u00e3o ao alcance dos nossos olhos, mas nunca nos ser\u00e1 permitido saber como isso se sustenta, de onde veio ou para onde vai. At\u00e9 o a luz do <strong>Sol<\/strong> que vemos leva <strong>8 minutos-luz<\/strong> para chegar at\u00e9 n\u00f3s, ou seja, <strong>150.000.000 Km<\/strong>, a segunda estrela mais pr\u00f3xima, <strong>Pr\u00f3xima Centauri<\/strong>, fica a <strong>4,24 anos-luz<\/strong>, ou seja, <strong>40.113.497.203.742,59 Km<\/strong>, significando que muitas coisas que vemos (tipo estrelas) podem nem existirem mais. Ilus\u00e3o, mera ilus\u00e3o!<\/span><\/p>\n<p><span style=\"font-size: 14pt; font-family: arial, helvetica, sans-serif;\">Cremos, pensamos, nomeamos, nos convencemos de algo, mas j\u00e1 parou para pensar que tudo, todos os nomes, as defini\u00e7\u00f5es, as classifica\u00e7\u00f5es, os estados das coisas, s\u00f3 existem em nossa cabe\u00e7a e somente, exclusivamente para a esp\u00e9cie humana? E mais: j\u00e1 percebeu que as verdades humanas s\u00e3o testemunhadas pelo pr\u00f3prio homem? Ou seja, se o homem quiser que uma verdade seja mentira ou vice-versa, ele pode fazer isso, pois tudo atende aos seus pr\u00f3prios interesses e n\u00e3o h\u00e1 quem conteste. Raciocine: nada do que existe, tipo \u00e1rvores, pedras, rios, universo, t\u00eam esses nomes, mas s\u00f3 o homem sabe disso. Ou j\u00e1 viu uma \u00e1rvore olhar para voc\u00ea quando voc\u00ea a chama &#8220;\u00c1rvore&#8221;?<\/span><\/p>\n<p><span style=\"font-size: 14pt; font-family: arial, helvetica, sans-serif;\">Ent\u00e3o, a vida vale a pena? Eu acredito por raz\u00f5es que n\u00e3o compete elencar aqui, mas eu creio que cada um encontrar\u00e1 suas raz\u00f5es. S\u00f3 n\u00e3o tente encontrar raz\u00f5es para convencer os outros de que a vida \u00e9 sua, de que as decis\u00f5es voc\u00ea as toma e as controla. Ah, n\u00e3o! <strong>A VIDA MANDA, A VIDA SEMPRE GANHA! <\/strong>Sim, tudo o que temos \u00e9 por empr\u00e9stimo. Afinal, quem nos permitiu vender peda\u00e7os de terra, fatiar as praias, rios, florestas? Estabelecer fronteiras, levantar cercas e muros? Somos donos?<\/span><\/p>\n<p><span style=\"font-size: 14pt; font-family: arial, helvetica, sans-serif;\">Est\u00e1 numa luta? Continue, use todas as suas habilidades, suas estrat\u00e9gias, seus recursos. Mas&#8230; nunca se esque\u00e7a: <strong>VOC\u00ca PARA NADA MAIS SERVE DO QUE &#8220;FAZER LUVAS&#8221; PARA QUE A VIDA SE APERFEI\u00c7OE, SE ETERNIZE.<\/strong> Ou seja, <strong>LUTE, MAS<\/strong>&#8230; Eu escolho lutar com dignidade, com dedica\u00e7\u00e3o, servir de bom alimento, de bom tempero. E voc\u00ea? Cr\u00ea em algo que est\u00e1 do outro lado? Provavelmente, esta \u00e9 a \u00fanica raz\u00e3o que realmente nos fez caminhar at\u00e9 aqui e doravante!<\/span><\/p>\n<h3><span style=\"font-family: 'comic sans ms', sans-serif;\">A VIDA SEMPRE GANHA! <a href=\"https:\/\/oliveiradosbrejinhos.com.br\/carlosdourado\/wp-content\/uploads\/2026\/04\/030426-trofeu.png\" target=\"_blank\" rel=\"noopener\"><img loading=\"lazy\" decoding=\"async\" class=\"alignright wp-image-252\" src=\"https:\/\/oliveiradosbrejinhos.com.br\/carlosdourado\/wp-content\/uploads\/2026\/04\/030426-trofeu-150x150.png\" alt=\"\" width=\"100\" height=\"100\" srcset=\"https:\/\/oliveiradosbrejinhos.com.br\/carlosdourado\/wp-content\/uploads\/2026\/04\/030426-trofeu-150x150.png 150w, https:\/\/oliveiradosbrejinhos.com.br\/carlosdourado\/wp-content\/uploads\/2026\/04\/030426-trofeu-300x300.png 300w, https:\/\/oliveiradosbrejinhos.com.br\/carlosdourado\/wp-content\/uploads\/2026\/04\/030426-trofeu-768x768.png 768w, https:\/\/oliveiradosbrejinhos.com.br\/carlosdourado\/wp-content\/uploads\/2026\/04\/030426-trofeu-110x110.png 110w, https:\/\/oliveiradosbrejinhos.com.br\/carlosdourado\/wp-content\/uploads\/2026\/04\/030426-trofeu-250x250.png 250w, https:\/\/oliveiradosbrejinhos.com.br\/carlosdourado\/wp-content\/uploads\/2026\/04\/030426-trofeu-544x544.png 544w, https:\/\/oliveiradosbrejinhos.com.br\/carlosdourado\/wp-content\/uploads\/2026\/04\/030426-trofeu.png 1024w\" sizes=\"auto, (max-width: 100px) 100vw, 100px\" \/><\/a><\/span><\/h3>\n<p><span style=\"font-size: 14pt; font-family: arial, helvetica, sans-serif;\">Um consolo? Tamb\u00e9m somos <span style=\"color: #003300;\"><strong>vida,<\/strong><\/span> semelhan\u00e7a da <span style=\"color: #800000;\"><strong>Vida!<\/strong><\/span><\/span><\/p>\n<p><span style=\"font-family: arial, helvetica, sans-serif;\">* <span style=\"color: #003366;\"><em>Deus? Natureza? Alien\u00edgenas? Vida?<\/em><\/span><\/span><\/p>\n","protected":false},"excerpt":{"rendered":"<p>LIBERDADE X DEPRESS\u00c3O: EXTREMOS? Creio que todos n\u00f3s j\u00e1 nos sentimos incomodados com algo que vimos, ouvimos, pensamos ou vivemos, especialmente nos momentos em que o cerco se fecha. Pe\u00e7o que leia o que vou relatar aqui com certo cuidado, pois, ao mesmo tempo que pode ser libertador, tamb\u00e9m pode lhe enveredar pelo obscuro mundo [&hellip;]<\/p>\n","protected":false},"author":1,"featured_media":0,"parent":0,"menu_order":0,"comment_status":"closed","ping_status":"closed","template":"","meta":{"footnotes":""},"class_list":["post-237","page","type-page","status-publish","hentry"],"_links":{"self":[{"href":"https:\/\/oliveiradosbrejinhos.com.br\/carlosdourado\/wp-json\/wp\/v2\/pages\/237","targetHints":{"allow":["GET"]}}],"collection":[{"href":"https:\/\/oliveiradosbrejinhos.com.br\/carlosdourado\/wp-json\/wp\/v2\/pages"}],"about":[{"href":"https:\/\/oliveiradosbrejinhos.com.br\/carlosdourado\/wp-json\/wp\/v2\/types\/page"}],"author":[{"embeddable":true,"href":"https:\/\/oliveiradosbrejinhos.com.br\/carlosdourado\/wp-json\/wp\/v2\/users\/1"}],"replies":[{"embeddable":true,"href":"https:\/\/oliveiradosbrejinhos.com.br\/carlosdourado\/wp-json\/wp\/v2\/comments?post=237"}],"version-history":[{"count":16,"href":"https:\/\/oliveiradosbrejinhos.com.br\/carlosdourado\/wp-json\/wp\/v2\/pages\/237\/revisions"}],"predecessor-version":[{"id":259,"href":"https:\/\/oliveiradosbrejinhos.com.br\/carlosdourado\/wp-json\/wp\/v2\/pages\/237\/revisions\/259"}],"wp:attachment":[{"href":"https:\/\/oliveiradosbrejinhos.com.br\/carlosdourado\/wp-json\/wp\/v2\/media?parent=237"}],"curies":[{"name":"wp","href":"https:\/\/api.w.org\/{rel}","templated":true}]}}