{"id":128,"date":"2025-02-08T14:45:19","date_gmt":"2025-02-08T14:45:19","guid":{"rendered":"https:\/\/oliveiradosbrejinhos.com.br\/cetit\/?page_id=128"},"modified":"2025-03-18T10:47:40","modified_gmt":"2025-03-18T10:47:40","slug":"rotina-escolar-2025","status":"publish","type":"page","link":"https:\/\/oliveiradosbrejinhos.com.br\/cetit\/rotina-escolar-2025\/","title":{"rendered":"Rotina Escolar 2025"},"content":{"rendered":"<p><a href=\"https:\/\/jornadapedagogica.educacao.ba.gov.br\/\" target=\"_blank\" rel=\"noopener\">JORNADA PEDAG\u00d3GICA<\/a> | <a href=\"https:\/\/avaliacaoemonitoramentobahia.caeddigital.net\/#!\/sistema\" target=\"_blank\" rel=\"noopener\">SABE<\/a> | <a href=\"http:\/\/saeb.inep.gov.br\/saeb\/\" target=\"_blank\" rel=\"noopener\">SAEB<\/a> | <a href=\"https:\/\/photos.app.goo.gl\/wfRSMv5x1TQELdUP8\" target=\"_blank\" rel=\"noopener\">GALERIA<\/a><\/p>\n<h3><span style=\"text-decoration: underline;\">RESUMOS DAS ATIVIDADES<\/span><\/h3>\n<h4><span style=\"color: #003366;\">6\u00aa SEMANA &#8211; 17 A 21\/03\/2025<\/span><\/h4>\n<p><strong>18\/03 &#8211; Ter\u00e7a-feira<\/strong><\/p>\n<p><a href=\"https:\/\/oliveiradosbrejinhos.com.br\/cetit\/wp-content\/uploads\/2025\/03\/180325-reuniao-pais.jpg\"><img loading=\"lazy\" decoding=\"async\" class=\"alignnone wp-image-496\" src=\"https:\/\/oliveiradosbrejinhos.com.br\/cetit\/wp-content\/uploads\/2025\/03\/180325-reuniao-pais-300x300.jpg\" alt=\"\" width=\"512\" height=\"512\" srcset=\"https:\/\/oliveiradosbrejinhos.com.br\/cetit\/wp-content\/uploads\/2025\/03\/180325-reuniao-pais-300x300.jpg 300w, https:\/\/oliveiradosbrejinhos.com.br\/cetit\/wp-content\/uploads\/2025\/03\/180325-reuniao-pais-1024x1024.jpg 1024w, https:\/\/oliveiradosbrejinhos.com.br\/cetit\/wp-content\/uploads\/2025\/03\/180325-reuniao-pais-150x150.jpg 150w, https:\/\/oliveiradosbrejinhos.com.br\/cetit\/wp-content\/uploads\/2025\/03\/180325-reuniao-pais-768x768.jpg 768w, https:\/\/oliveiradosbrejinhos.com.br\/cetit\/wp-content\/uploads\/2025\/03\/180325-reuniao-pais-270x270.jpg 270w, https:\/\/oliveiradosbrejinhos.com.br\/cetit\/wp-content\/uploads\/2025\/03\/180325-reuniao-pais-45x45.jpg 45w, https:\/\/oliveiradosbrejinhos.com.br\/cetit\/wp-content\/uploads\/2025\/03\/180325-reuniao-pais.jpg 1181w\" sizes=\"auto, (max-width: 512px) 100vw, 512px\" \/><\/a><\/p>\n<p><strong>17\/03 &#8211; Segunda-feira<\/strong><\/p>\n<p>Atividades normais no <strong>CETIT.<\/strong> An\u00fancio da chegada da nova Coordenadora Pedag\u00f3gica <strong>Carla Alves do Nascimento<\/strong>, que foi saudada pelos colegas e que vem se juntar \u00e0 equipe para que os objetivos tra\u00e7ados para o ano de <strong>2025<\/strong> tenham mais chances de serem alcan\u00e7ados.<\/p>\n<h4><span style=\"color: #800000;\">5\u00aa SEMANA &#8211; 10 A 14\/03\/2025<\/span><\/h4>\n<h4><span style=\"color: #003366;\">4\u00aa SEMANA &#8211; 03 A 07\/03\/2025<\/span><\/h4>\n<p>&nbsp;<\/p>\n<h4><span style=\"color: #003366;\">3\u00aa SEMANA &#8211; 24 A 27\/02\/2025<\/span><\/h4>\n<p><a href=\"https:\/\/oliveiradosbrejinhos.com.br\/cetit\/wp-content\/uploads\/2025\/02\/260225-feriado-carnaval-2.jpeg\" target=\"_blank\" rel=\"noopener\"><img loading=\"lazy\" decoding=\"async\" class=\"wp-image-492 alignnone\" title=\"Aviso - Feriado de Carnaval\" src=\"https:\/\/oliveiradosbrejinhos.com.br\/cetit\/wp-content\/uploads\/2025\/02\/260225-feriado-carnaval-2-300x300.jpeg\" alt=\"\" width=\"512\" height=\"512\" srcset=\"https:\/\/oliveiradosbrejinhos.com.br\/cetit\/wp-content\/uploads\/2025\/02\/260225-feriado-carnaval-2-300x300.jpeg 300w, https:\/\/oliveiradosbrejinhos.com.br\/cetit\/wp-content\/uploads\/2025\/02\/260225-feriado-carnaval-2-1024x1024.jpeg 1024w, https:\/\/oliveiradosbrejinhos.com.br\/cetit\/wp-content\/uploads\/2025\/02\/260225-feriado-carnaval-2-150x150.jpeg 150w, https:\/\/oliveiradosbrejinhos.com.br\/cetit\/wp-content\/uploads\/2025\/02\/260225-feriado-carnaval-2-768x768.jpeg 768w, https:\/\/oliveiradosbrejinhos.com.br\/cetit\/wp-content\/uploads\/2025\/02\/260225-feriado-carnaval-2-270x270.jpeg 270w, https:\/\/oliveiradosbrejinhos.com.br\/cetit\/wp-content\/uploads\/2025\/02\/260225-feriado-carnaval-2-45x45.jpeg 45w, https:\/\/oliveiradosbrejinhos.com.br\/cetit\/wp-content\/uploads\/2025\/02\/260225-feriado-carnaval-2.jpeg 1181w\" sizes=\"auto, (max-width: 512px) 100vw, 512px\" \/><\/a><\/p>\n<hr>\n<h4><span style=\"color: #008000;\">2\u00aa SEMANA &#8211; 17 A 21\/02\/2025<\/span><\/h4>\n<p><span style=\"font-size: 14pt;\">Essa semana come\u00e7a com a presen\u00e7a maior de estudantes, haja vista a circula\u00e7\u00e3o de parte do transporte escolar, restando poucas localidades sem esse servi\u00e7o. As atividades em sala de aula tamb\u00e9m tiveram continuidade, pois o hor\u00e1rio (Programa\u00e7\u00e3o Escolar) j\u00e1 est\u00e1 praticamente definido. As \u00fanicas pend\u00eancias est\u00e3o sendo sanadas. Houve convoca\u00e7\u00e3o de novos professores e por esse motivo, j\u00e1 que os mesmos t\u00eam um prazo para se apresentarem, alguns per\u00edodos ficaram vagos, mas a gest\u00e3o &amp; coordena\u00e7\u00e3o fizeram o poss\u00edvel para que isso fosse compensado com outras atividades ou alterando o hor\u00e1rio de alguns professores para que n\u00e3o houvesse preju\u00edzo nas horas\/aula. No mais, a semana decorreu de forma tranquila, com boa presen\u00e7a de estudantes, ainda acontecendo alguns ajustes. Os turnos Vespertino e Noturno houve um menor comparecimento, mas funcionou todos os dias.<\/span><\/p>\n<p><span style=\"font-size: 14pt;\">As Atividades Complementares (ACs) ocorreram de forma adequada, com \u00eanfase nos planejamentos por componente curricular, al\u00e9m de discuss\u00f5es sobre as avalia\u00e7\u00f5es externas e aplica\u00e7\u00f5es de simulados. Tamb\u00e9m houve movimenta\u00e7\u00e3o, especialmente na Sala de Inform\u00e1tica, por conta da 1\u00aa Avalia\u00e7\u00e3o do <span style=\"color: #800080;\"><strong><a style=\"color: #800080;\" href=\"https:\/\/www.plurall.net\/\" target=\"_blank\" rel=\"noopener\">Sistema Plurall<\/a><\/strong><\/span>.&nbsp;&nbsp;<\/span><\/p>\n<p><span style=\"font-size: 14pt;\">De novidade, a presen\u00e7a de uma empresa para instala\u00e7\u00e3o de pain\u00e9is solares, que dever\u00e1 gerar uma economia para o estado, esperando que esses recursos sejam direcionados a \u00e1reas priorit\u00e1rias da popula\u00e7\u00e3o. A instala\u00e7\u00e3o est\u00e1 prevista para terminar em 10 dias.<\/span><\/p>\n<hr>\n<h4><span style=\"color: #800080;\">1\u00aa SEMANA &#8211; 11 A 15\/02\/2025<\/span><\/h4>\n<p><span style=\"font-size: 14pt;\">Conforme detalhado abaixo, a primeira semana de aula no CETIT foi recheada de novidades e atividades voltadas, primeiramente, para o acolhimento dos estudantes, funcion\u00e1rios e fam\u00edlias, com esclarecimentos e atividades l\u00fadicas e pedag\u00f3gicas acerca do ano letivo em curso. Falou-se sobre regras, regimento escolar, houve apresenta\u00e7\u00f5es de pessoas da comunidade, destacando-se professores de Educa\u00e7\u00e3o F\u00edsica, de esportes em geral (futebol, capoeira, Jiu-Jitsu, Crossfit), de dan\u00e7a (zumba), dentre outras atra\u00e7\u00f5es. Foram realizadas diversas atividades em v\u00e1rias \u00e1reas de conhecimento, inclusive nos espa\u00e7os esportivos, laborat\u00f3rios, teatro&#8230; O empenho dos estudantes foi o assunto mais comentado, pois, mesmo muitos deles estarem pela primeira vez na escola, a participa\u00e7\u00e3o foi not\u00e1vel.<\/span><\/p>\n<p><span style=\"font-size: 14pt;\">O desejo da equipe escolar \u00e9 que esse comportamento, empenho e participa\u00e7\u00e3o se estenda por todo o ano de 2025 e subsequentes. Pelo que foi demonstrado, h\u00e1 muito o que se fazer e reinventar na escola.<\/span><\/p>\n<p><span style=\"font-size: 14pt;\">A merenda foi servida nos seus devidos hor\u00e1rios. A participa\u00e7\u00e3o ainda n\u00e3o foi de 100% do alunado, pois houve uma dificuldade inicial com o transporte, mas merece destaque a parceria com o munic\u00edpio, que ouviu as demandas e est\u00e1 fazendo todo o esfor\u00e7o alcan\u00e7\u00e1vel para resolver a situa\u00e7\u00e3o.<\/span><\/p>\n<p><span style=\"font-size: 14pt;\">A presen\u00e7a maior se deu no turno Matutino, havendo dias em que algumas das turmas estiveram praticamente completas. Lembrando que este ano est\u00e3o chegando estudantes das v\u00e1rias regi\u00f5es do munic\u00edpio, algumas das quais n\u00e3o encaminhavam estudantes para a sede, por quest\u00f5es principalmente de log\u00edstica. Agora, com a amplia\u00e7\u00e3o das turmas de Ensino Integral, a situa\u00e7\u00e3o est\u00e1 mudando e a presen\u00e7a desses estudantes j\u00e1 p\u00f4de ser notada.<\/span><\/p>\n<p><span style=\"font-size: 14pt;\">Agradecimentos aos colaboradores, aos estudantes, professores, coordena\u00e7\u00e3o e comunidade! Que o ano letivo de 2025 seja produtivo!<\/span><\/p>\n<ul>\n<li><a href=\"https:\/\/photos.app.goo.gl\/wfRSMv5x1TQELdUP8\" target=\"_blank\" rel=\"noopener\"><strong>GALERIA<\/strong><\/a><\/li>\n<\/ul>\n<hr>\n<p><span style=\"text-decoration: underline; font-size: 14pt;\"><strong>13\/02\/2025<\/strong><\/span><\/p>\n<p>&#8230;<\/p>\n<hr>\n<p><span style=\"text-decoration: underline; font-size: 14pt;\"><strong>12\/02\/2025<\/strong><\/span><\/p>\n<p><span style=\"font-size: 14pt;\">Abertura &#8211; Coordenador <strong>Rom\u00e1rio Jorge<\/strong><\/span><\/p>\n<ul>\n<li><span style=\"font-size: 14pt;\">Import\u00e2ncia da presen\u00e7a na escola nesses dias, relev\u00e2ncia da atividade f\u00edsica na escola.<\/span><\/li>\n<li><span style=\"font-size: 14pt;\">Prof.\u00aa Emanuela Barreto &#8211; recep\u00e7\u00e3o aos convidados, aos alunos&#8230;<\/span>\n<ul>\n<li><span style=\"font-size: 14pt;\">Presen\u00e7a das professoras <strong>Cileide,<\/strong> Fisioterapeuta <strong>\u00c9rica Costa.<\/strong><\/span><\/li>\n<\/ul>\n<\/li>\n<li><span style=\"font-size: 14pt;\">Fala da Professora Jana\u00edna Santana &#8211; fala sobre a Educa\u00e7\u00e3o sustent\u00e1vel, inovadora e que cuida das aprendizagens, tema da jornada pedag\u00f3gica e do ano letivo de 2025. Import\u00e2ncia das <a href=\"https:\/\/brasil.un.org\/pt-br\/sdgs\" target=\"_blank\" rel=\"noopener\"><strong>ODS<\/strong><\/a> e os objetivos a serem alcan\u00e7ados at\u00e9 at\u00e9 o ano de <strong>2030.<\/strong><\/span>\n<ul>\n<li><span style=\"font-size: 14pt;\">V\u00eddeo sobre as pr\u00e1ticas corporais<\/span><\/li>\n<\/ul>\n<\/li>\n<li><span style=\"font-size: 14pt;\">Fala da Professora <strong>Cileide &#8211; <\/strong><em>Professora e Coordenadora da Rede Municipal<\/em> &#8211; , acerca da dan\u00e7a, al\u00e9m de fazer uma retrospectiva de sua vida na \u00e1rea educacional.&nbsp; Seu foco principal \u00e9 a <a href=\"https:\/\/www.zumba.com\/pt-BR\/\" target=\"_blank\" rel=\"noopener\"><strong>zumba<\/strong><\/a>. Participa\u00e7\u00e3o da Fisioterapeuta \u00c9rica Costa, dando seguimento aos trabalhos, refor\u00e7ando a import\u00e2ncia das atividades f\u00edsicas para a sa\u00fade de modo geral e especial.<\/span><\/li>\n<li><span style=\"font-size: 14pt;\">Professor Patrick Novais &#8211; fala sobre <a href=\"https:\/\/pt.wikipedia.org\/wiki\/CrossFit\" target=\"_blank\" rel=\"noopener\"><strong>CrossFit,<\/strong><\/a> apresenta\u00e7\u00e3o do seu curr\u00edculo;<\/span>\n<ul>\n<li><span style=\"font-size: 14pt;\">Hist\u00f3rico do <a href=\"https:\/\/pt.wikipedia.org\/wiki\/CrossFit\" target=\"_blank\" rel=\"noopener\"><strong>CrossFit<\/strong><\/a>;<\/span><\/li>\n<\/ul>\n<\/li>\n<li><span style=\"font-size: 14pt;\">Professor Felipe &#8211; demonstra\u00e7\u00f5es de Jiu-Jitsu;<\/span><\/li>\n<li><span style=\"font-size: 14pt;\">Marizete Santos &#8211; atleta, corredora, servidora no CETIT, apresentando sua trajet\u00f3ria e suas conquistas.<\/span><\/li>\n<li><span style=\"font-size: 14pt;\">Nailde &#8211; funcion\u00e1ria, atleta, servidora no CETIT;<\/span><\/li>\n<li><span style=\"font-size: 14pt;\">Realiza\u00e7\u00e3o de atividades esportivas nos v\u00e1rios espa\u00e7os da escola: salas, quadra e campo de futebol society.<\/span><\/li>\n<\/ul>\n<figure id=\"attachment_441\" aria-describedby=\"caption-attachment-441\" style=\"width: 300px\" class=\"wp-caption alignright\"><a href=\"https:\/\/photos.app.goo.gl\/wfRSMv5x1TQELdUP8\" target=\"_blank\" rel=\"noopener\"><img loading=\"lazy\" decoding=\"async\" class=\"wp-image-441 size-medium\" src=\"https:\/\/oliveiradosbrejinhos.com.br\/cetit\/wp-content\/uploads\/2025\/02\/130225-1sem-aula-imagem_80-300x225.jpg\" alt=\"CETIT - Roda de Capoeira - 12\/02\/2025\" width=\"300\" height=\"225\" srcset=\"https:\/\/oliveiradosbrejinhos.com.br\/cetit\/wp-content\/uploads\/2025\/02\/130225-1sem-aula-imagem_80-300x225.jpg 300w, https:\/\/oliveiradosbrejinhos.com.br\/cetit\/wp-content\/uploads\/2025\/02\/130225-1sem-aula-imagem_80-1024x768.jpg 1024w, https:\/\/oliveiradosbrejinhos.com.br\/cetit\/wp-content\/uploads\/2025\/02\/130225-1sem-aula-imagem_80-768x576.jpg 768w, https:\/\/oliveiradosbrejinhos.com.br\/cetit\/wp-content\/uploads\/2025\/02\/130225-1sem-aula-imagem_80-1536x1152.jpg 1536w, https:\/\/oliveiradosbrejinhos.com.br\/cetit\/wp-content\/uploads\/2025\/02\/130225-1sem-aula-imagem_80-2048x1536.jpg 2048w, https:\/\/oliveiradosbrejinhos.com.br\/cetit\/wp-content\/uploads\/2025\/02\/130225-1sem-aula-imagem_80-360x270.jpg 360w\" sizes=\"auto, (max-width: 300px) 100vw, 300px\" \/><\/a><figcaption id=\"caption-attachment-441\" class=\"wp-caption-text\">Clique e veja a galeria completa!<\/figcaption><\/figure>\n<p><span style=\"font-size: 14pt;\">Al\u00e9m das presen\u00e7as citadas no decorrer do dia, o Turno Noturno teve a honra de receber professores e estudantes de Capoeira da cidade, liderados pela Contramestre Renata Amorim e auxiliares, que deram um show de disciplina, dedica\u00e7\u00e3o e compet\u00eancia nessa que \u00e9 uma das express\u00f5es culturais afro-brasileiras mais fortes que se tem conhecimento, inclusive a <a href=\"https:\/\/pt.wikipedia.org\/wiki\/Capoeira\" target=\"_blank\" rel=\"noopener\"><strong>Roda de Capoeira<\/strong><\/a> \u00e9 registrada como um bem cultural pelo IPHAN, desde 2008. A presen\u00e7a de muitas crian\u00e7as chamou a aten\u00e7\u00e3o de todos!<\/span><\/p>\n<p><span style=\"font-size: 14pt;\">Agradecimentos sinceros de toda a equipe escolar aos que t\u00eam contribu\u00eddo at\u00e9 agora para que o CETIT tenha uma das melhores primeira semana de todos os tempos, com a presen\u00e7a de representantes da comunidade, enriquecendo o conhecimento, a cultura e a educa\u00e7\u00e3o de todos os integrantes da comunidade escolar.<\/span><\/p>\n<hr>\n<figure id=\"attachment_443\" aria-describedby=\"caption-attachment-443\" style=\"width: 300px\" class=\"wp-caption alignright\"><a href=\"https:\/\/photos.app.goo.gl\/wfRSMv5x1TQELdUP8\" target=\"_blank\" rel=\"noopener\"><img loading=\"lazy\" decoding=\"async\" class=\"wp-image-443 size-medium\" src=\"https:\/\/oliveiradosbrejinhos.com.br\/cetit\/wp-content\/uploads\/2025\/02\/130225-1sem-aula-imagem_11-300x225.jpg\" alt=\"CETIT - Experi\u00eancias nos laborat\u00f3rios.\" width=\"300\" height=\"225\" srcset=\"https:\/\/oliveiradosbrejinhos.com.br\/cetit\/wp-content\/uploads\/2025\/02\/130225-1sem-aula-imagem_11-300x225.jpg 300w, https:\/\/oliveiradosbrejinhos.com.br\/cetit\/wp-content\/uploads\/2025\/02\/130225-1sem-aula-imagem_11-1024x768.jpg 1024w, https:\/\/oliveiradosbrejinhos.com.br\/cetit\/wp-content\/uploads\/2025\/02\/130225-1sem-aula-imagem_11-768x576.jpg 768w, https:\/\/oliveiradosbrejinhos.com.br\/cetit\/wp-content\/uploads\/2025\/02\/130225-1sem-aula-imagem_11-1536x1152.jpg 1536w, https:\/\/oliveiradosbrejinhos.com.br\/cetit\/wp-content\/uploads\/2025\/02\/130225-1sem-aula-imagem_11-2048x1536.jpg 2048w, https:\/\/oliveiradosbrejinhos.com.br\/cetit\/wp-content\/uploads\/2025\/02\/130225-1sem-aula-imagem_11-360x270.jpg 360w\" sizes=\"auto, (max-width: 300px) 100vw, 300px\" \/><\/a><figcaption id=\"caption-attachment-443\" class=\"wp-caption-text\">Clique na imagem e veja a galeria completa!<\/figcaption><\/figure>\n<p><span style=\"text-decoration: underline;\"><strong><span style=\"font-size: 14pt;\">11\/02\/2025<\/span><\/strong><\/span><\/p>\n<ul>\n<li><span style=\"font-size: 14pt;\">Recep\u00e7\u00e3o e condu\u00e7\u00e3o das turmas ao teatro;<\/span><\/li>\n<li><span style=\"font-size: 14pt;\">Fala do Coordenador <strong>Rom\u00e1rio Jorge<\/strong>;<\/span><\/li>\n<li><span style=\"font-size: 14pt;\">Palestra sobre desenvolvimento sustent\u00e1vel, com o Professor <strong>V\u00e2nio Santos<\/strong>;<\/span><\/li>\n<li><span style=\"font-size: 14pt;\">Experi\u00eancias nos laborat\u00f3rios da escola;<\/span><\/li>\n<li><span style=\"font-size: 14pt;\">Oficinas de desenhos ambientais.<\/span><\/li>\n<\/ul>\n<hr>\n<p><span style=\"text-decoration: underline; font-size: 14pt;\"><strong>10\/02\/2025<\/strong><\/span><\/p>\n<ul>\n<li>\n<h4><span style=\"font-size: 14pt;\"><strong>Como foi&#8230;<\/strong><\/span><\/h4>\n<p><figure id=\"attachment_446\" aria-describedby=\"caption-attachment-446\" style=\"width: 300px\" class=\"wp-caption alignright\"><a href=\"https:\/\/photos.app.goo.gl\/wfRSMv5x1TQELdUP8\" target=\"_blank\" rel=\"noopener\"><img loading=\"lazy\" decoding=\"async\" class=\"wp-image-446 size-medium\" src=\"https:\/\/oliveiradosbrejinhos.com.br\/cetit\/wp-content\/uploads\/2025\/02\/120225-1sem-aula-imagem-300x300.jpeg\" alt=\"CETIT - Aula Inagural - 11\/02\/2025\" width=\"300\" height=\"300\" srcset=\"https:\/\/oliveiradosbrejinhos.com.br\/cetit\/wp-content\/uploads\/2025\/02\/120225-1sem-aula-imagem-300x300.jpeg 300w, https:\/\/oliveiradosbrejinhos.com.br\/cetit\/wp-content\/uploads\/2025\/02\/120225-1sem-aula-imagem-150x150.jpeg 150w, https:\/\/oliveiradosbrejinhos.com.br\/cetit\/wp-content\/uploads\/2025\/02\/120225-1sem-aula-imagem-768x768.jpeg 768w, https:\/\/oliveiradosbrejinhos.com.br\/cetit\/wp-content\/uploads\/2025\/02\/120225-1sem-aula-imagem-270x270.jpeg 270w, https:\/\/oliveiradosbrejinhos.com.br\/cetit\/wp-content\/uploads\/2025\/02\/120225-1sem-aula-imagem-45x45.jpeg 45w, https:\/\/oliveiradosbrejinhos.com.br\/cetit\/wp-content\/uploads\/2025\/02\/120225-1sem-aula-imagem.jpeg 945w\" sizes=\"auto, (max-width: 300px) 100vw, 300px\" \/><\/a><figcaption id=\"caption-attachment-446\" class=\"wp-caption-text\">Clique na imagem e <span style=\"font-size: 10pt;\">veja<\/span> a galeria completa!<\/figcaption><\/figure><\/li>\n<\/ul>\n<p><span style=\"font-size: 14pt;\">Durante os tr\u00eas turnos, a gest\u00e3o, coordena\u00e7\u00e3o, professores e funcion\u00e1rios se dedicaram a acolher os estudantes, especialmente na Teatro Prof.\u00aa Alice Maria Ribeiro de Novais, aonde o Gestor Prof. Luciano Lunardi usou da palavra para dar as primeiras orienta\u00e7\u00f5es aos estudantes, execu\u00e7\u00e3o dos hinos Nacional e da Bahia, foi apresentada a equipe escolar, usou da palavra tamb\u00e9m a Prof.\u00aa Rosemeire Nogueira falou das normas escolares, realizou uma din\u00e2mica com alguns estudantes representando essa tem\u00e1tica e o Coordenador Rom\u00e1rio Jorge completou com a apresenta\u00e7\u00e3o do planejamento para o ano, incluindo os projetos pedag\u00f3gicos, art\u00edsticos e culturais. Foi servido um lanche aos estudantes e apresentada programa\u00e7\u00e3o da semana.<\/span><\/p>\n<p><span style=\"font-size: 14pt;\"><strong>NOSSA GALERIA DE IMAGENS | <a href=\"https:\/\/photos.app.goo.gl\/wfRSMv5x1TQELdUP8\" target=\"_blank\" rel=\"noopener\">GALERIA COMPLETA<\/a><\/strong><\/span><\/p>\n<div id='gallery-1' class='gallery galleryid-128 gallery-columns-3 gallery-size-thumbnail'><figure class='gallery-item'>\n\t\t\t<div class='gallery-icon landscape'>\n\t\t\t\t<a href='https:\/\/oliveiradosbrejinhos.com.br\/cetit\/rotina-escolar-2025\/080225-volta-aulas\/'><img loading=\"lazy\" decoding=\"async\" width=\"150\" height=\"150\" src=\"https:\/\/oliveiradosbrejinhos.com.br\/cetit\/wp-content\/uploads\/2025\/02\/080225-volta-aulas-150x150.png\" class=\"attachment-thumbnail size-thumbnail\" alt=\"\" srcset=\"https:\/\/oliveiradosbrejinhos.com.br\/cetit\/wp-content\/uploads\/2025\/02\/080225-volta-aulas-150x150.png 150w, https:\/\/oliveiradosbrejinhos.com.br\/cetit\/wp-content\/uploads\/2025\/02\/080225-volta-aulas-300x300.png 300w, https:\/\/oliveiradosbrejinhos.com.br\/cetit\/wp-content\/uploads\/2025\/02\/080225-volta-aulas-271x270.png 271w, https:\/\/oliveiradosbrejinhos.com.br\/cetit\/wp-content\/uploads\/2025\/02\/080225-volta-aulas-45x45.png 45w, https:\/\/oliveiradosbrejinhos.com.br\/cetit\/wp-content\/uploads\/2025\/02\/080225-volta-aulas.png 562w\" sizes=\"auto, (max-width: 150px) 100vw, 150px\" \/><\/a>\n\t\t\t<\/div><\/figure><figure class='gallery-item'>\n\t\t\t<div class='gallery-icon landscape'>\n\t\t\t\t<a href='https:\/\/oliveiradosbrejinhos.com.br\/cetit\/rotina-escolar-2025\/130225-1sem-aula-imagem_80\/'><img loading=\"lazy\" decoding=\"async\" width=\"150\" height=\"150\" src=\"https:\/\/oliveiradosbrejinhos.com.br\/cetit\/wp-content\/uploads\/2025\/02\/130225-1sem-aula-imagem_80-150x150.jpg\" class=\"attachment-thumbnail size-thumbnail\" alt=\"\" srcset=\"https:\/\/oliveiradosbrejinhos.com.br\/cetit\/wp-content\/uploads\/2025\/02\/130225-1sem-aula-imagem_80-150x150.jpg 150w, https:\/\/oliveiradosbrejinhos.com.br\/cetit\/wp-content\/uploads\/2025\/02\/130225-1sem-aula-imagem_80-45x45.jpg 45w\" sizes=\"auto, (max-width: 150px) 100vw, 150px\" \/><\/a>\n\t\t\t<\/div><\/figure><figure class='gallery-item'>\n\t\t\t<div class='gallery-icon landscape'>\n\t\t\t\t<a href='https:\/\/oliveiradosbrejinhos.com.br\/cetit\/rotina-escolar-2025\/130225-1sem-aula-imagem_11\/'><img loading=\"lazy\" decoding=\"async\" width=\"150\" height=\"150\" src=\"https:\/\/oliveiradosbrejinhos.com.br\/cetit\/wp-content\/uploads\/2025\/02\/130225-1sem-aula-imagem_11-150x150.jpg\" class=\"attachment-thumbnail size-thumbnail\" alt=\"\" srcset=\"https:\/\/oliveiradosbrejinhos.com.br\/cetit\/wp-content\/uploads\/2025\/02\/130225-1sem-aula-imagem_11-150x150.jpg 150w, https:\/\/oliveiradosbrejinhos.com.br\/cetit\/wp-content\/uploads\/2025\/02\/130225-1sem-aula-imagem_11-45x45.jpg 45w\" sizes=\"auto, (max-width: 150px) 100vw, 150px\" \/><\/a>\n\t\t\t<\/div><\/figure><figure class='gallery-item'>\n\t\t\t<div class='gallery-icon landscape'>\n\t\t\t\t<a href='https:\/\/oliveiradosbrejinhos.com.br\/cetit\/rotina-escolar-2025\/120225-1sem-aula-imagem\/'><img loading=\"lazy\" decoding=\"async\" width=\"150\" height=\"150\" src=\"https:\/\/oliveiradosbrejinhos.com.br\/cetit\/wp-content\/uploads\/2025\/02\/120225-1sem-aula-imagem-150x150.jpeg\" class=\"attachment-thumbnail size-thumbnail\" alt=\"\" srcset=\"https:\/\/oliveiradosbrejinhos.com.br\/cetit\/wp-content\/uploads\/2025\/02\/120225-1sem-aula-imagem-150x150.jpeg 150w, https:\/\/oliveiradosbrejinhos.com.br\/cetit\/wp-content\/uploads\/2025\/02\/120225-1sem-aula-imagem-300x300.jpeg 300w, https:\/\/oliveiradosbrejinhos.com.br\/cetit\/wp-content\/uploads\/2025\/02\/120225-1sem-aula-imagem-768x768.jpeg 768w, https:\/\/oliveiradosbrejinhos.com.br\/cetit\/wp-content\/uploads\/2025\/02\/120225-1sem-aula-imagem-270x270.jpeg 270w, https:\/\/oliveiradosbrejinhos.com.br\/cetit\/wp-content\/uploads\/2025\/02\/120225-1sem-aula-imagem-45x45.jpeg 45w, https:\/\/oliveiradosbrejinhos.com.br\/cetit\/wp-content\/uploads\/2025\/02\/120225-1sem-aula-imagem.jpeg 945w\" sizes=\"auto, (max-width: 150px) 100vw, 150px\" \/><\/a>\n\t\t\t<\/div><\/figure><figure class='gallery-item'>\n\t\t\t<div class='gallery-icon landscape'>\n\t\t\t\t<a href='https:\/\/oliveiradosbrejinhos.com.br\/cetit\/rotina-escolar-2025\/260225-feriado-carnaval\/'><img loading=\"lazy\" decoding=\"async\" width=\"150\" height=\"150\" src=\"https:\/\/oliveiradosbrejinhos.com.br\/cetit\/wp-content\/uploads\/2025\/02\/260225-feriado-carnaval-150x150.jpeg\" class=\"attachment-thumbnail size-thumbnail\" alt=\"\" srcset=\"https:\/\/oliveiradosbrejinhos.com.br\/cetit\/wp-content\/uploads\/2025\/02\/260225-feriado-carnaval-150x150.jpeg 150w, https:\/\/oliveiradosbrejinhos.com.br\/cetit\/wp-content\/uploads\/2025\/02\/260225-feriado-carnaval-300x300.jpeg 300w, https:\/\/oliveiradosbrejinhos.com.br\/cetit\/wp-content\/uploads\/2025\/02\/260225-feriado-carnaval-1024x1024.jpeg 1024w, https:\/\/oliveiradosbrejinhos.com.br\/cetit\/wp-content\/uploads\/2025\/02\/260225-feriado-carnaval-768x768.jpeg 768w, https:\/\/oliveiradosbrejinhos.com.br\/cetit\/wp-content\/uploads\/2025\/02\/260225-feriado-carnaval-270x270.jpeg 270w, https:\/\/oliveiradosbrejinhos.com.br\/cetit\/wp-content\/uploads\/2025\/02\/260225-feriado-carnaval-45x45.jpeg 45w, https:\/\/oliveiradosbrejinhos.com.br\/cetit\/wp-content\/uploads\/2025\/02\/260225-feriado-carnaval.jpeg 1181w\" sizes=\"auto, (max-width: 150px) 100vw, 150px\" \/><\/a>\n\t\t\t<\/div><\/figure><figure class='gallery-item'>\n\t\t\t<div class='gallery-icon landscape'>\n\t\t\t\t<a href='https:\/\/oliveiradosbrejinhos.com.br\/cetit\/rotina-escolar-2025\/260225-feriado-carnaval-2\/'><img loading=\"lazy\" decoding=\"async\" width=\"150\" height=\"150\" src=\"https:\/\/oliveiradosbrejinhos.com.br\/cetit\/wp-content\/uploads\/2025\/02\/260225-feriado-carnaval-1-150x150.jpeg\" class=\"attachment-thumbnail size-thumbnail\" alt=\"\" srcset=\"https:\/\/oliveiradosbrejinhos.com.br\/cetit\/wp-content\/uploads\/2025\/02\/260225-feriado-carnaval-1-150x150.jpeg 150w, https:\/\/oliveiradosbrejinhos.com.br\/cetit\/wp-content\/uploads\/2025\/02\/260225-feriado-carnaval-1-300x300.jpeg 300w, https:\/\/oliveiradosbrejinhos.com.br\/cetit\/wp-content\/uploads\/2025\/02\/260225-feriado-carnaval-1-1024x1024.jpeg 1024w, https:\/\/oliveiradosbrejinhos.com.br\/cetit\/wp-content\/uploads\/2025\/02\/260225-feriado-carnaval-1-768x768.jpeg 768w, https:\/\/oliveiradosbrejinhos.com.br\/cetit\/wp-content\/uploads\/2025\/02\/260225-feriado-carnaval-1-270x270.jpeg 270w, https:\/\/oliveiradosbrejinhos.com.br\/cetit\/wp-content\/uploads\/2025\/02\/260225-feriado-carnaval-1-45x45.jpeg 45w, https:\/\/oliveiradosbrejinhos.com.br\/cetit\/wp-content\/uploads\/2025\/02\/260225-feriado-carnaval-1.jpeg 1181w\" sizes=\"auto, (max-width: 150px) 100vw, 150px\" \/><\/a>\n\t\t\t<\/div><\/figure><figure class='gallery-item'>\n\t\t\t<div class='gallery-icon landscape'>\n\t\t\t\t<a href='https:\/\/oliveiradosbrejinhos.com.br\/cetit\/rotina-escolar-2025\/260225-feriado-carnaval-3\/'><img loading=\"lazy\" decoding=\"async\" width=\"150\" height=\"150\" src=\"https:\/\/oliveiradosbrejinhos.com.br\/cetit\/wp-content\/uploads\/2025\/02\/260225-feriado-carnaval-2-150x150.jpeg\" class=\"attachment-thumbnail size-thumbnail\" alt=\"\" srcset=\"https:\/\/oliveiradosbrejinhos.com.br\/cetit\/wp-content\/uploads\/2025\/02\/260225-feriado-carnaval-2-150x150.jpeg 150w, https:\/\/oliveiradosbrejinhos.com.br\/cetit\/wp-content\/uploads\/2025\/02\/260225-feriado-carnaval-2-300x300.jpeg 300w, https:\/\/oliveiradosbrejinhos.com.br\/cetit\/wp-content\/uploads\/2025\/02\/260225-feriado-carnaval-2-1024x1024.jpeg 1024w, https:\/\/oliveiradosbrejinhos.com.br\/cetit\/wp-content\/uploads\/2025\/02\/260225-feriado-carnaval-2-768x768.jpeg 768w, https:\/\/oliveiradosbrejinhos.com.br\/cetit\/wp-content\/uploads\/2025\/02\/260225-feriado-carnaval-2-270x270.jpeg 270w, https:\/\/oliveiradosbrejinhos.com.br\/cetit\/wp-content\/uploads\/2025\/02\/260225-feriado-carnaval-2-45x45.jpeg 45w, https:\/\/oliveiradosbrejinhos.com.br\/cetit\/wp-content\/uploads\/2025\/02\/260225-feriado-carnaval-2.jpeg 1181w\" sizes=\"auto, (max-width: 150px) 100vw, 150px\" \/><\/a>\n\t\t\t<\/div><\/figure><figure class='gallery-item'>\n\t\t\t<div class='gallery-icon landscape'>\n\t\t\t\t<a href='https:\/\/oliveiradosbrejinhos.com.br\/cetit\/rotina-escolar-2025\/180325-reuniao-pais\/'><img loading=\"lazy\" decoding=\"async\" width=\"150\" height=\"150\" src=\"https:\/\/oliveiradosbrejinhos.com.br\/cetit\/wp-content\/uploads\/2025\/03\/180325-reuniao-pais-150x150.jpg\" class=\"attachment-thumbnail size-thumbnail\" alt=\"\" srcset=\"https:\/\/oliveiradosbrejinhos.com.br\/cetit\/wp-content\/uploads\/2025\/03\/180325-reuniao-pais-150x150.jpg 150w, https:\/\/oliveiradosbrejinhos.com.br\/cetit\/wp-content\/uploads\/2025\/03\/180325-reuniao-pais-300x300.jpg 300w, https:\/\/oliveiradosbrejinhos.com.br\/cetit\/wp-content\/uploads\/2025\/03\/180325-reuniao-pais-1024x1024.jpg 1024w, https:\/\/oliveiradosbrejinhos.com.br\/cetit\/wp-content\/uploads\/2025\/03\/180325-reuniao-pais-768x768.jpg 768w, https:\/\/oliveiradosbrejinhos.com.br\/cetit\/wp-content\/uploads\/2025\/03\/180325-reuniao-pais-270x270.jpg 270w, https:\/\/oliveiradosbrejinhos.com.br\/cetit\/wp-content\/uploads\/2025\/03\/180325-reuniao-pais-45x45.jpg 45w, https:\/\/oliveiradosbrejinhos.com.br\/cetit\/wp-content\/uploads\/2025\/03\/180325-reuniao-pais.jpg 1181w\" sizes=\"auto, (max-width: 150px) 100vw, 150px\" \/><\/a>\n\t\t\t<\/div><\/figure>\n\t\t<\/div>\n\n<hr>\n<p><span style=\"font-size: 14pt;\">Nesta segunda-feira, 10 de fevereiro, o <strong>CETIT<\/strong> se prepara para receber o alunado matriculado neste ano, bem como os que foram promovidos para do ano anterior. Depois de uma semana de prepara\u00e7\u00e3o para esse momento, a expectativa \u00e9 de um ano de sucesso, como muitos projetos, mas como foco especialmente na aprendizagem, visando as avalia\u00e7\u00f5es externas, que ocorrem neste ano, tais como o <a href=\"https:\/\/avaliacaoemonitoramentobahia.caeddigital.net\/#!\/sistema\" target=\"_blank\" rel=\"noopener\"><strong>SABE<\/strong><\/a> e o <a href=\"http:\/\/saeb.inep.gov.br\/saeb\/\" target=\"_blank\" rel=\"noopener\"><strong>SAEB.<\/strong><\/a><\/span><\/p>\n<p><span style=\"font-size: 14pt;\">Por enquanto, a composi\u00e7\u00e3o dos turnos est\u00e3o da seguinte forma:<\/span><\/p>\n<p><span style=\"font-size: 14pt;\"><strong>Matutino:<\/strong> <span style=\"color: #003300;\">05 turmas<\/span> \u2192 uma <strong>1\u00aa,<\/strong> duas <strong>2\u00aa<\/strong> e duas <strong>3\u00aa<\/strong> S\u00e9ries;<\/span><\/p>\n<p><span style=\"font-size: 14pt;\"><strong>Vespertino:<\/strong> <span style=\"color: #003300;\">05 turmas<\/span> \u2192 uma <strong>1\u00aa,<\/strong> duas <strong>2\u00aa<\/strong> e duas <strong>3\u00aa<\/strong> S\u00e9ries;<\/span><\/p>\n<p><span style=\"font-size: 14pt;\"><strong>Noturno:<\/strong> <span style=\"color: #003300;\">03 turmas<\/span> \u2192 uma <strong>EJA<\/strong> Etapa VI e duas <strong>EJA<\/strong> Etapa VII;<\/span><\/p>\n<p><span style=\"font-size: 14pt;\"><strong>Integral de 7 horas<\/strong>: <span style=\"color: #003300;\">06 turmas<\/span> \u2192 quatro <strong>1\u00aa,<\/strong> uma <strong>2\u00aa<\/strong> e uma <strong>3\u00aa<\/strong> S\u00e9ries;<\/span><\/p>\n<p><span style=\"font-size: 14pt;\"><strong>Ensino M\u00e9dio Integrado<\/strong> &#8211; <strong>Administra\u00e7\u00e3o:<\/strong> <span style=\"color: #003300;\">01 turma<\/span>.<\/span><\/p>\n<p><span style=\"font-size: 14pt;\">Total: <span style=\"color: #003300;\"><strong><span style=\"text-decoration: underline;\">20 Turmas<\/span> &#8211; <span style=\"text-decoration: underline;\">605 estudantes<\/span><\/strong><\/span><\/span><\/p>\n<p><a href=\"https:\/\/oliveiradosbrejinhos.com.br\/cetit\/wp-content\/uploads\/2025\/02\/080225-volta-aulas.png\" target=\"_blank\" rel=\"noopener\"><img loading=\"lazy\" decoding=\"async\" class=\"alignnone wp-image-400 size-medium\" src=\"https:\/\/oliveiradosbrejinhos.com.br\/cetit\/wp-content\/uploads\/2025\/02\/080225-volta-aulas-300x300.png\" alt=\"\" width=\"300\" height=\"300\" srcset=\"https:\/\/oliveiradosbrejinhos.com.br\/cetit\/wp-content\/uploads\/2025\/02\/080225-volta-aulas-300x300.png 300w, https:\/\/oliveiradosbrejinhos.com.br\/cetit\/wp-content\/uploads\/2025\/02\/080225-volta-aulas-150x150.png 150w, https:\/\/oliveiradosbrejinhos.com.br\/cetit\/wp-content\/uploads\/2025\/02\/080225-volta-aulas-271x270.png 271w, https:\/\/oliveiradosbrejinhos.com.br\/cetit\/wp-content\/uploads\/2025\/02\/080225-volta-aulas-45x45.png 45w, https:\/\/oliveiradosbrejinhos.com.br\/cetit\/wp-content\/uploads\/2025\/02\/080225-volta-aulas.png 562w\" sizes=\"auto, (max-width: 300px) 100vw, 300px\" \/><\/a><\/p>\n<p>&nbsp;<\/p>\n","protected":false},"excerpt":{"rendered":"<p>JORNADA PEDAG\u00d3GICA | SABE | SAEB | GALERIA RESUMOS DAS ATIVIDADES 6\u00aa SEMANA &#8211; 17 A 21\/03\/2025 18\/03 &#8211; Ter\u00e7a-feira 17\/03 &#8211; Segunda-feira Atividades normais no CETIT. An\u00fancio da chegada da nova Coordenadora Pedag\u00f3gica Carla Alves do Nascimento, que foi <a href=\"https:\/\/oliveiradosbrejinhos.com.br\/cetit\/rotina-escolar-2025\/\" class=\"read-more\">Leia mais &#8230;<\/a><\/p>\n","protected":false},"author":1,"featured_media":0,"parent":0,"menu_order":0,"comment_status":"closed","ping_status":"closed","template":"","meta":{"ngg_post_thumbnail":0,"footnotes":""},"categories":[21,25,20,17],"class_list":["post-128","page","type-page","status-publish","hentry","category-comunidade","category-coordenacao","category-estudantes","category-eventos"],"_links":{"self":[{"href":"https:\/\/oliveiradosbrejinhos.com.br\/cetit\/wp-json\/wp\/v2\/pages\/128","targetHints":{"allow":["GET"]}}],"collection":[{"href":"https:\/\/oliveiradosbrejinhos.com.br\/cetit\/wp-json\/wp\/v2\/pages"}],"about":[{"href":"https:\/\/oliveiradosbrejinhos.com.br\/cetit\/wp-json\/wp\/v2\/types\/page"}],"author":[{"embeddable":true,"href":"https:\/\/oliveiradosbrejinhos.com.br\/cetit\/wp-json\/wp\/v2\/users\/1"}],"replies":[{"embeddable":true,"href":"https:\/\/oliveiradosbrejinhos.com.br\/cetit\/wp-json\/wp\/v2\/comments?post=128"}],"version-history":[{"count":32,"href":"https:\/\/oliveiradosbrejinhos.com.br\/cetit\/wp-json\/wp\/v2\/pages\/128\/revisions"}],"predecessor-version":[{"id":489,"href":"https:\/\/oliveiradosbrejinhos.com.br\/cetit\/wp-json\/wp\/v2\/pages\/128\/revisions\/489"}],"wp:attachment":[{"href":"https:\/\/oliveiradosbrejinhos.com.br\/cetit\/wp-json\/wp\/v2\/media?parent=128"}],"wp:term":[{"taxonomy":"category","embeddable":true,"href":"https:\/\/oliveiradosbrejinhos.com.br\/cetit\/wp-json\/wp\/v2\/categories?post=128"}],"curies":[{"name":"wp","href":"https:\/\/api.w.org\/{rel}","templated":true}]}}